{"id":815,"date":"2021-11-14T09:56:13","date_gmt":"2021-11-14T08:56:13","guid":{"rendered":"http:\/\/zsp8.zory.pl\/?page_id=815"},"modified":"2026-01-22T13:42:51","modified_gmt":"2026-01-22T12:42:51","slug":"projekty","status":"publish","type":"page","link":"https:\/\/zsp8.zory.pl\/?page_id=815","title":{"rendered":"Projekty"},"content":{"rendered":"<p>[et_pb_section fb_built=&#8221;1&#8243; fullwidth=&#8221;on&#8221; admin_label=&#8221;Header Section&#8221; _builder_version=&#8221;4.16&#8243; background_image=&#8221;http:\/\/zsp8.zory.pl\/wp-content\/uploads\/2021\/11\/dfdf.jpg&#8221; parallax=&#8221;on&#8221; top_divider_style=&#8221;clouds2&#8243; top_divider_color=&#8221;rgba(255,255,255,0.3)&#8221; top_divider_height=&#8221;100%&#8221; bottom_divider_height=&#8221;30px&#8221; global_colors_info=&#8221;{}&#8221;][et_pb_fullwidth_header title=&#8221;Rok szkolny 2025\/2026&#8243; subhead=&#8221;PROJEKTY i INNOWACJE EDUKACYJNE  REALIZOWANE  W PRZEDSZKOLU NR 8&#8243; text_orientation=&#8221;center&#8221; _builder_version=&#8221;4.17.4&#8243; title_level=&#8221;h2&#8243; title_font=&#8221;Rubik|700||on|||||&#8221; title_text_color=&#8221;#ff7355&#8243; title_font_size=&#8221;16px&#8221; title_letter_spacing=&#8221;5px&#8221; title_line_height=&#8221;2em&#8221; content_font=&#8221;Rubik||||||||&#8221; content_font_size=&#8221;18px&#8221; content_line_height=&#8221;2em&#8221; subhead_font=&#8221;Rubik|700|||||||&#8221; subhead_text_color=&#8221;#000000&#8243; subhead_font_size=&#8221;19px&#8221; subhead_letter_spacing=&#8221;1px&#8221; subhead_line_height=&#8221;1.4em&#8221; background_color=&#8221;rgba(255,255,255,0)&#8221; use_background_color_gradient=&#8221;on&#8221; background_color_gradient_stops=&#8221;rgba(255,255,255,0.7) 0%|#ffffff 100%&#8221; background_color_gradient_start=&#8221;rgba(255,255,255,0.7)&#8221; background_color_gradient_end=&#8221;#ffffff&#8221; background_size=&#8221;contain&#8221; background_position=&#8221;bottom_center&#8221; custom_button_one=&#8221;on&#8221; button_one_text_size=&#8221;16px&#8221; button_one_text_color=&#8221;#ffffff&#8221; button_one_bg_color=&#8221;#ff7355&#8243; button_one_border_width=&#8221;15px&#8221; button_one_border_color=&#8221;rgba(210,159,104,0)&#8221; button_one_border_radius=&#8221;100px&#8221; button_one_letter_spacing=&#8221;0px&#8221; button_one_font=&#8221;Rubik|700|||||||&#8221; button_one_use_icon=&#8221;off&#8221; custom_button_two=&#8221;on&#8221; button_two_text_size=&#8221;16px&#8221; button_two_text_color=&#8221;#ffffff&#8221; button_two_bg_color=&#8221;rgba(0,0,0,0.6)&#8221; button_two_border_width=&#8221;15px&#8221; button_two_border_color=&#8221;rgba(210,159,104,0)&#8221; button_two_border_radius=&#8221;100px&#8221; button_two_letter_spacing=&#8221;0px&#8221; button_two_font=&#8221;Rubik|700|||||||&#8221; button_two_use_icon=&#8221;off&#8221; background_layout=&#8221;light&#8221; custom_margin=&#8221;|||&#8221; custom_padding=&#8221;0vw||0vw|||&#8221; animation_style=&#8221;slide&#8221; animation_direction=&#8221;bottom&#8221; animation_intensity_slide=&#8221;1%&#8221; subhead_font_size_tablet=&#8221;&#8221; subhead_font_size_phone=&#8221;30px&#8221; subhead_font_size_last_edited=&#8221;on|phone&#8221; button_one_border_radius_hover=&#8221;100px&#8221; button_two_border_radius_hover=&#8221;100px&#8221; button_one_bg_color_hover=&#8221;#ff8a70&#8243; button_two_bg_color_hover=&#8221;#ff8a70&#8243; global_colors_info=&#8221;{}&#8221; button_one_text_size__hover_enabled=&#8221;off&#8221; button_two_text_size__hover_enabled=&#8221;off&#8221; button_one_text_color__hover_enabled=&#8221;off&#8221; button_two_text_color__hover_enabled=&#8221;off&#8221; button_one_border_width__hover_enabled=&#8221;off&#8221; button_two_border_width__hover_enabled=&#8221;off&#8221; button_one_border_color__hover_enabled=&#8221;off&#8221; button_two_border_color__hover_enabled=&#8221;off&#8221; button_one_border_radius__hover_enabled=&#8221;on&#8221; button_one_border_radius__hover=&#8221;100px&#8221; button_two_border_radius__hover_enabled=&#8221;on&#8221; button_two_border_radius__hover=&#8221;100px&#8221; button_one_letter_spacing__hover_enabled=&#8221;off&#8221; button_two_letter_spacing__hover_enabled=&#8221;off&#8221; button_one_bg_color__hover_enabled=&#8221;on&#8221; button_one_bg_color__hover=&#8221;#ff8a70&#8243; button_two_bg_color__hover_enabled=&#8221;on&#8221; button_two_bg_color__hover=&#8221;#ff8a70&#8243;][\/et_pb_fullwidth_header][\/et_pb_section][et_pb_section fb_built=&#8221;1&#8243; specialty=&#8221;on&#8221; padding_top_bottom_link_2=&#8221;false&#8221; padding_left_right_link_2=&#8221;false&#8221; admin_label=&#8221;Blog&#8221; _builder_version=&#8221;4.17.4&#8243; custom_margin=&#8221;||||false|false&#8221; custom_padding=&#8221;20px||||false|false&#8221; global_colors_info=&#8221;{}&#8221;][et_pb_column type=&#8221;2_3&#8243; specialty_columns=&#8221;2&#8243; _builder_version=&#8221;4.16&#8243; custom_padding=&#8221;|||&#8221; global_colors_info=&#8221;{}&#8221; custom_padding__hover=&#8221;|||&#8221;][et_pb_row_inner _builder_version=&#8221;4.16&#8243; background_color=&#8221;rgba(0,0,0,0.04)&#8221; custom_padding=&#8221;14px|20px|14px|20px|true|true&#8221; border_radii=&#8221;on|10px|10px|10px|10px&#8221; global_colors_info=&#8221;{}&#8221;][et_pb_column_inner saved_specialty_column_type=&#8221;2_3&#8243; _builder_version=&#8221;3.25&#8243; custom_padding=&#8221;|||&#8221; global_colors_info=&#8221;{}&#8221; custom_padding__hover=&#8221;|||&#8221;][et_pb_cta title=&#8221;\u017borskie przedszkola przysz\u0142o\u015bci- rozw\u00f3j kszta\u0142cenia przedszkolnego w mie\u015bcie \u017bory&#8221; button_text=&#8221;Klikni\u0119cia&#8221; _builder_version=&#8221;4.17.4&#8243; _module_preset=&#8221;default&#8221; header_level=&#8221;h4&#8243; header_font=&#8221;Rubik|||on|||||&#8221; header_font_size=&#8221;24px&#8221; header_letter_spacing=&#8221;1px&#8221; body_font=&#8221;Rubik||||||||&#8221; body_text_color=&#8221;#000000&#8243; background_color=&#8221;#88C4DD&#8221; background_enable_image=&#8221;off&#8221; custom_button=&#8221;on&#8221; button_bg_enable_image=&#8221;off&#8221; global_colors_info=&#8221;{}&#8221;]<\/p>\n<p style=\"text-align: left;\"><strong>Przedszkole nr 8<\/strong> przy Zespole Szkolno-Przedszkolnym nr 8 w \u017borach realizuje projekt pn. <strong>\u201e<\/strong><strong>\u017borskie przedszkola przysz\u0142o\u015bci &#8211; rozw\u00f3j kszta\u0142cenia przedszkolnego w mie\u015bcie \u017bory\u201d<\/strong> w\u00a0ramach Fundusze Europejskie dla \u015al\u0105skiego 2021-2027 (Europejski Fundusz Spo\u0142eczny+)<\/p>\n<p style=\"text-align: left;\">Poni\u017cej znajd\u0105 Pa\u0144stwo w za\u0142\u0105czeniu opis projektu oraz dokumenty do pobrania:<\/p>\n<p style=\"text-align: left;\"><a href=\"http:\/\/zsp8.zory.pl\/wp-content\/uploads\/2024\/10\/Opis-projektu.pdf\">&#8211; OPIS PROJEKTU<\/a><\/p>\n<p style=\"text-align: left;\"><a href=\"http:\/\/zsp8.zory.pl\/wp-content\/uploads\/2024\/10\/1-zal.-Formularz-rekrutacyjny_dziecko.pdf\"><span style=\"font-size: 14px;\">&#8211; Formularz rekrutacyjny -dziecko<\/span><\/a><\/p>\n<p style=\"text-align: left;\"><a href=\"http:\/\/zsp8.zory.pl\/wp-content\/uploads\/2024\/10\/2_-zal.-Deklaracja-uczestnictwa-w-projekcie-dziecko.pdf\"><span style=\"font-size: 14px;\">&#8211; Deklaracja uczestnictwa w projekcie-dziecko<\/span><\/a><\/p>\n<p style=\"text-align: left;\"><a href=\"http:\/\/zsp8.zory.pl\/wp-content\/uploads\/2024\/10\/3_zal.-Oswiadczenia-uczestnika-aktualne-dziecko.pdf\"><span><span style=\"color: #0c71c3;\">&#8211;<\/span> O\u015bwiadczenie uczestnika projektu-dziecko<\/span><\/a><\/p>\n<p style=\"text-align: left;\"><a href=\"http:\/\/zsp8.zory.pl\/wp-content\/uploads\/2024\/10\/Regulamin-rekrutacji-Zorskie-przedszkola.pdf\"><span>&#8211; Regulamin rekrutacji &#8222;\u017borskie przedszkola przysz\u0142o\u015bci- rozw\u00f3j kszta\u0142cenia przedszkolnego w mie\u015bcie \u017bory&#8221;<\/span><\/a><\/p>\n<p style=\"text-align: center;\">\n<p style=\"text-align: center;\"><img loading=\"lazy\" decoding=\"async\" src=\"http:\/\/zsp8.zory.pl\/wp-content\/uploads\/2024\/10\/Obraz1.jpg-300x32.png\" width=\"300\" height=\"32\" alt=\"\" class=\"wp-image-5622 alignnone size-medium\" \/><\/p>\n<p>[\/et_pb_cta][et_pb_cta title=&#8221;CZUCIAKI W KRAINIE EMOCJI&#8221; button_text=&#8221;Klikni\u0119cia&#8221; _builder_version=&#8221;4.17.4&#8243; _module_preset=&#8221;default&#8221; header_level=&#8221;h4&#8243; header_font=&#8221;Rubik|||on|||||&#8221; header_font_size=&#8221;24px&#8221; header_letter_spacing=&#8221;1px&#8221; body_font=&#8221;Rubik||||||||&#8221; body_text_color=&#8221;#000000&#8243; background_color=&#8221;#12876F&#8221; global_colors_info=&#8221;{}&#8221;]<\/p>\n<p style=\"text-align: left;\"><strong>PROJEKT REALIZOWANY WE WSZYSTKICH\u00a0 GRUPACH<\/strong><\/p>\n<p style=\"text-align: left;\">&#8222;Czuciaki w krainie emocji&#8221; to projekt <strong>wspieraj\u0105cy rozw\u00f3j inteligencji emocjonalnej dzieci.<\/strong><\/p>\n<p style=\"text-align: justify;\"><span style=\"color: #ffffff;\"><strong>Tworzymy okazje do nauki nazywania i odczytywania w\u0142asnych emocji w bezpiecznym \u015brodowisku. <\/strong><strong>Uczymy dzieci, jak panowa\u0107 nad emocjami, kt\u00f3re s\u0105 zbyt silne lub trwaj\u0105 zbyt d\u0142ugo. Dzieci dowiaduj\u0105 si\u0119, \u017ce wszystkie emocje \u2013 tak\u017ce trudne \u2013 s\u0105 naturalne i potrzebne.\u00a0 Dzieci ucz\u0105 si\u0119 rozumie\u0107 swoje emocjonalne reakcje i \u017ar\u00f3d\u0142a zachowa\u0144. Pomagamy budowa\u0107 pozytywne relacje i zrozumienie wobec emocji innych ludzi.\u00a0 Projekt wspiera rozw\u00f3j emocjonalny i psychiczny dziecka w duchu rado\u015bci, zaufania i bezpiecze\u0144stwa.<\/strong><\/span><\/p>\n<p style=\"text-align: left;\"><strong><\/strong><\/p>\n<p>[\/et_pb_cta][et_pb_cta title=&#8221;PROJEKT CZYTELNICZY  %22KSI\u0104\u017bKA (DLA)PRZEDSZKOLAKA%22&#8243; button_text=&#8221;Klikni\u0119cia&#8221; _builder_version=&#8221;4.17.4&#8243; _module_preset=&#8221;default&#8221; header_level=&#8221;h4&#8243; header_font=&#8221;Rubik|||on|||||&#8221; header_font_size=&#8221;24px&#8221; header_letter_spacing=&#8221;1px&#8221; body_font=&#8221;Rubik||||||||&#8221; body_text_color=&#8221;#000000&#8243; background_color=&#8221;#DFB758&#8243; global_colors_info=&#8221;{}&#8221;]<\/p>\n<p style=\"text-align: left;\"><strong><\/strong><\/p>\n<p style=\"text-align: left;\"><strong>PROJEKT REALIZOWANY W GRUPACH: BIEDRONKI, \u017bABKI, LISKI, JE\u017bYKI<\/strong><\/p>\n<p style=\"text-align: justify;\">Projekt czytelniczy KSI\u0104\u017bKA (DLA) PRZEDSZKOLAKA <strong>\u00a0to propozycja tworzenia przedszkolnych punkt\u00f3w wymiany ksi\u0105\u017cek, dzi\u0119ki kt\u00f3rym dzieci b\u0119d\u0105 mog\u0142y dzieli\u0107 si\u0119 ksi\u0105\u017ckami z domowej biblioteczki z innymi przedszkolakami. Projekt zak\u0142ada g\u0142o\u015bne czytanie bajek przez rodzic\u00f3w dzieciom w przedszkolu i w domu; zapoznanie dzieci podczas zaj\u0119\u0107 z kanonem literatury dzieci\u0119cej; aran\u017cowanie zaj\u0119\u0107 maj\u0105cych na celu przybli\u017cenie warto\u015bci ksi\u0105\u017cki i uczenie szacunku do niej.<\/strong><\/p>\n<p>[\/et_pb_cta][et_pb_cta title=&#8221;Og\u00f3lnopolski Projekt Edukacyjny  Uczymy dzieci programowa\u0107&#8221; button_text=&#8221;Klikni\u0119cia&#8221; _builder_version=&#8221;4.17.4&#8243; _module_preset=&#8221;default&#8221; header_level=&#8221;h4&#8243; header_font=&#8221;Rubik|||on|||||&#8221; header_font_size=&#8221;24px&#8221; header_letter_spacing=&#8221;1px&#8221; body_font=&#8221;Rubik||||||||&#8221; body_text_color=&#8221;#000000&#8243; background_color=&#8221;#B1DA8B&#8221; global_colors_info=&#8221;{}&#8221;]<\/p>\n<p style=\"text-align: left;\"><strong>PROJEKT REALIZOWANY W GRUPIE BIEDRONKI <\/strong><\/p>\n<p style=\"text-align: justify;\">W programie \u201e<strong>Uczymy Dzieci Programowa\u0107\u201d<\/strong> nauk\u0119 kodowania traktujemy jako z g\u00f3ry zaplanowany proces, gdzie ka\u017cde dzia\u0142anie wynika z poprzedniego i jest wst\u0119pem do kolejnego. W propozycjach aktywno\u015bci przygotowanych przez autork\u0119 programu zabawy oko\u0142o programistyczne wplatane s\u0105 do codziennych aktywno\u015bci dydaktycznych, niezale\u017cnie od realizowanych aktualnie tre\u015bci, czy posiadanych narz\u0119dzi dydaktycznych. \u00a0Z programem \u201eUczymy dzieci programowa\u0107\u201d nauka podstaw programowania b\u0119dzie dla dzieci warto\u015bciow\u0105, wszechstronnie rozwijaj\u0105c\u0105 lekcj\u0105 i \u015bwietn\u0105 zabaw\u0105 a dla nauczycieli doskona\u0142\u0105 okazj\u0105 do poszerzenia swoich kompetencji w zakresie wykorzystywania narz\u0119dzi TiK w procesie dydaktycznym.<\/p>\n<p>[\/et_pb_cta][et_pb_cta title=&#8221;OG\u00d3LNOPOLSKI PROJEKT EDUKACYJNY ,,SENSORYCZNY KOGEL MOGEL\u201d&#8221; button_text=&#8221;Klikni\u0119cia&#8221; _builder_version=&#8221;4.17.4&#8243; _module_preset=&#8221;default&#8221; header_level=&#8221;h4&#8243; header_font=&#8221;Rubik|||on|||||&#8221; header_font_size=&#8221;24px&#8221; header_letter_spacing=&#8221;1px&#8221; body_font=&#8221;Rubik||||||||&#8221; body_text_color=&#8221;#000000&#8243; background_color=&#8221;#C88BDA&#8221; global_colors_info=&#8221;{}&#8221;]<\/p>\n<p style=\"text-align: justify;\"><strong>PROJEKT\u00a0 REALIZOWANY W GRUPACH: \u017bABKI I ZAJ\u0104CZKI<\/strong><\/p>\n<p style=\"text-align: justify;\">G\u0142\u00f3wnym celem Og\u00f3lnopolskiego Projektu Edukacyjnego \u201eSensoryczny kogel mogel\u201d jest \u00a0zaspokojenie potrzeb rozwojowych dzieci, poprzez dostarczenie pomys\u0142\u00f3w na zabawy i r\u00f3\u017cne \u0107wiczenia sensoryczne, kt\u00f3re wspomagaj\u0105 ich rozw\u00f3j. Dostarcza pomys\u0142\u00f3w na zabawy, \u0107wiczenia sensoryczne wspomagaj\u0105ce rozw\u00f3j dzieci\u00a0 z r\u00f3\u017cnorodnym spektrum zaburze\u0144 o pod\u0142o\u017cu sensorycznym i motorycznym; podnosi jako\u015b\u0107 wsparcia dla dzieci; pomaga w kszta\u0142towaniu u dzieci prawid\u0142owych nawyk\u00f3w w obszarze wsp\u00f3\u0142pracy oraz pomocy innym osobom; wspiera dzieci podczas rozwijania ich aktywno\u015bci fizycznej.<\/p>\n<p style=\"text-align: left;\">\n<p>[\/et_pb_cta][et_pb_cta title=&#8221;INNOWACJA PEDAGOGICZNA %22OD LITERKI DO S\u0141OWA%22&#8243; button_text=&#8221;Klikni\u0119cia&#8221; _builder_version=&#8221;4.17.4&#8243; _module_preset=&#8221;default&#8221; header_level=&#8221;h4&#8243; header_font=&#8221;Rubik|||on|||||&#8221; header_font_size=&#8221;24px&#8221; header_letter_spacing=&#8221;1px&#8221; body_font=&#8221;Rubik||||||||&#8221; body_text_color=&#8221;#000000&#8243; background_color=&#8221;#E06100&#8243; custom_padding=&#8221;|||60px||&#8221; global_colors_info=&#8221;{}&#8221;]<\/p>\n<p style=\"text-align: justify;\"><strong>PROJEKT\u00a0 REALIZOWANY W GRUPACH: BIEDRONKI i \u017bABKI\u00a0<\/strong><\/p>\n<p style=\"text-align: justify;\">Celem innowacji\u00a0 jest wspieranie dzieci w nauce czytania i pisania poprzez zabaw\u0119. Program opiera si\u0119 na stopniowym wprowadzaniu umiej\u0119tno\u015bci: od poznawania liter, przez \u0142\u0105czenie ich w sylaby, a\u017c po budowanie s\u0142\u00f3w i kr\u00f3tkich zda\u0144.<\/p>\n<p style=\"text-align: justify;\">Zaj\u0119cia maj\u0105 charakter multisensoryczny \u2013 dzieci ucz\u0105 si\u0119 liter i sylab poprzez ruch, \u015bpiew, rysunek oraz gry edukacyjne. Dzi\u0119ki temu nauka staje si\u0119 atrakcyjna, a dzieci rozwijaj\u0105 nie tylko umiej\u0119tno\u015b\u0107 czytania, lecz tak\u017ce koncentracj\u0119, pami\u0119\u0107 i spostrzegawczo\u015b\u0107.<\/p>\n<p style=\"text-align: justify;\">Innowacja sprzyja rozwijaniu ciekawo\u015bci poznawczej i budowaniu pozytywnej motywacji do dalszej nauki w szkole.<\/p>\n<p>&nbsp;<\/p>\n<p style=\"text-align: left;\">\n<p>[\/et_pb_cta][\/et_pb_column_inner][\/et_pb_row_inner][et_pb_row_inner _builder_version=&#8221;4.16&#8243; background_color=&#8221;rgba(0,0,0,0.04)&#8221; custom_padding=&#8221;14px|20px|14px|20px|true|true&#8221; border_radii=&#8221;on|10px|10px|10px|10px&#8221; global_colors_info=&#8221;{}&#8221;][et_pb_column_inner saved_specialty_column_type=&#8221;2_3&#8243; _builder_version=&#8221;3.25&#8243; custom_padding=&#8221;|||&#8221; global_colors_info=&#8221;{}&#8221; custom_padding__hover=&#8221;|||&#8221;][\/et_pb_column_inner][\/et_pb_row_inner][\/et_pb_column][et_pb_column type=&#8221;1_3&#8243; _builder_version=&#8221;4.16&#8243; custom_padding=&#8221;|||&#8221; global_colors_info=&#8221;{}&#8221; custom_padding__hover=&#8221;|||&#8221;][et_pb_image src=&#8221;http:\/\/zsp8.zory.pl\/wp-content\/uploads\/2022\/02\/getimg-e1638812330599-edited.jpg&#8221; alt=&#8221;Logo przedszkola nr 8 w \u017borach&#8221; title_text=&#8221;Logo przedszkola nr 8 w \u017borach&#8221; _builder_version=&#8221;4.16&#8243; _module_preset=&#8221;default&#8221; width=&#8221;71%&#8221; module_alignment=&#8221;center&#8221; global_colors_info=&#8221;{}&#8221;][\/et_pb_image][et_pb_post_slider include_categories=&#8221;6&#8243; show_arrows=&#8221;off&#8221; use_manual_excerpt=&#8221;off&#8221; show_meta=&#8221;off&#8221; _builder_version=&#8221;4.16&#8243; _module_preset=&#8221;default&#8221; header_font=&#8221;||||||||&#8221; header_text_align=&#8221;center&#8221; header_text_color=&#8221;#000000&#8243; header_font_size=&#8221;24px&#8221; header_line_height=&#8221;1.3em&#8221; body_text_color=&#8221;#000000&#8243; body_font_size=&#8221;15px&#8221; background_color=&#8221;#EDF000&#8243; button_alignment=&#8221;center&#8221; text_orientation=&#8221;left&#8221; background_layout=&#8221;light&#8221; custom_padding=&#8221;|6px||3px||&#8221; global_colors_info=&#8221;{}&#8221;][\/et_pb_post_slider][\/et_pb_column][\/et_pb_section]<\/p>\n","protected":false},"excerpt":{"rendered":"<p>Przedszkole nr 8 przy Zespole Szkolno-Przedszkolnym nr 8 w \u017borach realizuje projekt pn. \u201e\u017borskie przedszkola przysz\u0142o\u015bci &#8211; rozw\u00f3j kszta\u0142cenia przedszkolnego w mie\u015bcie \u017bory\u201d w\u00a0ramach Fundusze Europejskie dla \u015al\u0105skiego 2021-2027 (Europejski Fundusz Spo\u0142eczny+) Poni\u017cej znajd\u0105 Pa\u0144stwo w za\u0142\u0105czeniu opis projektu oraz dokumenty do pobrania: &#8211; OPIS PROJEKTU &#8211; Formularz rekrutacyjny -dziecko &#8211; Deklaracja uczestnictwa w projekcie-dziecko [&hellip;]<\/p>\n","protected":false},"author":2,"featured_media":0,"parent":0,"menu_order":0,"comment_status":"closed","ping_status":"closed","template":"","meta":{"_et_pb_use_builder":"on","_et_pb_old_content":"","_et_gb_content_width":"","footnotes":""},"class_list":["post-815","page","type-page","status-publish","hentry"],"_links":{"self":[{"href":"https:\/\/zsp8.zory.pl\/index.php?rest_route=\/wp\/v2\/pages\/815","targetHints":{"allow":["GET"]}}],"collection":[{"href":"https:\/\/zsp8.zory.pl\/index.php?rest_route=\/wp\/v2\/pages"}],"about":[{"href":"https:\/\/zsp8.zory.pl\/index.php?rest_route=\/wp\/v2\/types\/page"}],"author":[{"embeddable":true,"href":"https:\/\/zsp8.zory.pl\/index.php?rest_route=\/wp\/v2\/users\/2"}],"replies":[{"embeddable":true,"href":"https:\/\/zsp8.zory.pl\/index.php?rest_route=%2Fwp%2Fv2%2Fcomments&post=815"}],"version-history":[{"count":24,"href":"https:\/\/zsp8.zory.pl\/index.php?rest_route=\/wp\/v2\/pages\/815\/revisions"}],"predecessor-version":[{"id":7026,"href":"https:\/\/zsp8.zory.pl\/index.php?rest_route=\/wp\/v2\/pages\/815\/revisions\/7026"}],"wp:attachment":[{"href":"https:\/\/zsp8.zory.pl\/index.php?rest_route=%2Fwp%2Fv2%2Fmedia&parent=815"}],"curies":[{"name":"wp","href":"https:\/\/api.w.org\/{rel}","templated":true}]}}